{"id":9024,"date":"2020-10-20T12:00:48","date_gmt":"2020-10-20T10:00:48","guid":{"rendered":"http:\/\/saintlouisenthelle.org\/accueil\/?page_id=9024"},"modified":"2025-12-24T12:53:32","modified_gmt":"2025-12-24T11:53:32","slug":"priere-des-meres","status":"publish","type":"page","link":"https:\/\/saintlouisenthelle.org\/accueil\/prier-et-celebrer\/priere-des-meres\/","title":{"rendered":"Pri\u00e8re des m\u00e8res"},"content":{"rendered":"<h3>L\u2019amour des mamans change le monde<br \/>\nDemandez et vous recevrez<br \/>\nPriez pour vos enfants :<\/h3>\n<p style=\"text-align: justify;\">Depuis plus de 25 ann\u00e9es, le mouvement international <strong>\u00ab\u00a0Pri\u00e8re des m\u00e8res\u00a0\u00bb<\/strong> fond\u00e9 par Veronica Williams rassemble une fois par semaine, des groupes de femmes chr\u00e9tiennes ayant un c\u0153ur de m\u00e8re, pour prier pour leurs enfants ou petits-enfants, et pour la conversion du monde.<\/p>\n<p style=\"text-align: justify;\">Vous \u00eates <em><strong>m\u00e8re<\/strong><\/em>, <em><strong>grand-m\u00e8re<\/strong><\/em>, <em><strong>c\u00e9libataire<\/strong><\/em>, et si comme ces femmes, vous vous dites\u00a0:\u00a0<em>\u00ab Nous avons perdu trop de temps \u00e0 nous inqui\u00e9ter et \u00e0 essayer de tout r\u00e9gler par nous-m\u00eames, ou encore \u00e0 ne rien faire du tout. Et maintenant, Seigneur, nous sommes r\u00e9solues \u00e0 Te faire confiance. \u00bb<\/em><\/p>\n<p style=\"text-align: justify;\">Alors, vous pouvez rejoindre un\u00a0<strong>petit groupe<\/strong> de\u00a0<strong>\u00ab\u00a0Pri\u00e8res des m\u00e8res\u00a0\u00bb<\/strong> dans la paroisse, pour confier nos enfants entre les mains de Dieu notre P\u00e8re.<\/p>\n<h4>Rencontre hebdomadaire :<\/h4>\n<p>La pri\u00e8re des m\u00e8res dans notre paroisse se d\u00e9roule <strong>le lundi<\/strong>, \u00e0 la Maison paroissiale de Chambly : <a href=\"https:\/\/fr.mappy.com\/plan#\/87%20Avenue%20de%20Verdun%2C%2060230%20Chambly\" target=\"_blank\" rel=\"noopener\">87 Avenue de Verdun<\/a><br \/>\nVous \u00eates les bienvenues, \u00e0 l&#8217;une des rencontres :<\/p>\n<ul>\n<li>de 15h30 \u00e0 17h<\/li>\n<li>de 17h30 \u00e0 19h<\/li>\n<li>de 18h30 \u00e0 20h<\/li>\n<\/ul>\n<p>renseignements : Liliane \u2013 06 10 77 16 31\u202c \u2013 <a href=\"mailto:lyanecharles@neuf.fr\">lyanecharles@neuf.fr<\/a><\/p>\n<p><img data-recalc-dims=\"1\" fetchpriority=\"high\" decoding=\"async\" class=\"aligncenter wp-image-8231 size-full\" src=\"https:\/\/i0.wp.com\/saintlouisenthelle.org\/accueil\/wp-content\/uploads\/2020\/05\/priere-des-meres-sainte-famille.jpg?resize=340%2C512&#038;ssl=1\" alt=\"\" width=\"340\" height=\"512\" srcset=\"https:\/\/i0.wp.com\/saintlouisenthelle.org\/accueil\/wp-content\/uploads\/2020\/05\/priere-des-meres-sainte-famille.jpg?w=340&amp;ssl=1 340w, https:\/\/i0.wp.com\/saintlouisenthelle.org\/accueil\/wp-content\/uploads\/2020\/05\/priere-des-meres-sainte-famille.jpg?resize=199%2C300&amp;ssl=1 199w\" sizes=\"(max-width: 340px) 100vw, 340px\" \/><\/p>\n<p style=\"text-align: center;\"><a href=\"http:\/\/www.prieredesmeres.com\" target=\"_blank\" rel=\"noopener noreferrer\">www.prieredesmeres.com<\/a><\/p>\n","protected":false},"excerpt":{"rendered":"<p>L\u2019amour des mamans change le monde Demandez et vous recevrez Priez pour vos enfants : Depuis plus de 25 ann\u00e9es, le mouvement international \u00ab\u00a0Pri\u00e8re des m\u00e8res\u00a0\u00bb fond\u00e9 par Veronica Williams&hellip;<\/p>\n","protected":false},"author":4,"featured_media":8230,"parent":122,"menu_order":7,"comment_status":"closed","ping_status":"closed","template":"","meta":{"_lmt_disableupdate":"no","_lmt_disable":"","footnotes":""},"class_list":["post-9024","page","type-page","status-publish","has-post-thumbnail","hentry"],"jetpack_shortlink":"https:\/\/wp.me\/P7Mpl1-2ly","jetpack_sharing_enabled":true,"_links":{"self":[{"href":"https:\/\/saintlouisenthelle.org\/accueil\/wp-json\/wp\/v2\/pages\/9024","targetHints":{"allow":["GET"]}}],"collection":[{"href":"https:\/\/saintlouisenthelle.org\/accueil\/wp-json\/wp\/v2\/pages"}],"about":[{"href":"https:\/\/saintlouisenthelle.org\/accueil\/wp-json\/wp\/v2\/types\/page"}],"author":[{"embeddable":true,"href":"https:\/\/saintlouisenthelle.org\/accueil\/wp-json\/wp\/v2\/users\/4"}],"replies":[{"embeddable":true,"href":"https:\/\/saintlouisenthelle.org\/accueil\/wp-json\/wp\/v2\/comments?post=9024"}],"version-history":[{"count":11,"href":"https:\/\/saintlouisenthelle.org\/accueil\/wp-json\/wp\/v2\/pages\/9024\/revisions"}],"predecessor-version":[{"id":14463,"href":"https:\/\/saintlouisenthelle.org\/accueil\/wp-json\/wp\/v2\/pages\/9024\/revisions\/14463"}],"up":[{"embeddable":true,"href":"https:\/\/saintlouisenthelle.org\/accueil\/wp-json\/wp\/v2\/pages\/122"}],"wp:featuredmedia":[{"embeddable":true,"href":"https:\/\/saintlouisenthelle.org\/accueil\/wp-json\/wp\/v2\/media\/8230"}],"wp:attachment":[{"href":"https:\/\/saintlouisenthelle.org\/accueil\/wp-json\/wp\/v2\/media?parent=9024"}],"curies":[{"name":"wp","href":"https:\/\/api.w.org\/{rel}","templated":true}]}}