{"id":6908,"date":"2019-05-24T12:00:20","date_gmt":"2019-05-24T10:00:20","guid":{"rendered":"http:\/\/saintlouisenthelle.org\/accueil\/?page_id=6908"},"modified":"2024-11-30T22:07:40","modified_gmt":"2024-11-30T21:07:40","slug":"maisons-retraite","status":"publish","type":"page","link":"https:\/\/saintlouisenthelle.org\/accueil\/solidarite\/maisons-retraite\/","title":{"rendered":"Messes dans les maisons de retraite"},"content":{"rendered":"<p><a href=\"https:\/\/i0.wp.com\/saintlouisenthelle.org\/accueil\/wp-content\/uploads\/2019\/05\/champs-ete.jpg?ssl=1\" data-rel=\"penci-gallery-image-content\" ><img data-recalc-dims=\"1\" fetchpriority=\"high\" decoding=\"async\" class=\"wp-image-6911 size-medium alignnone\" src=\"https:\/\/i0.wp.com\/saintlouisenthelle.org\/accueil\/wp-content\/uploads\/2019\/05\/champs-ete-300x169.jpg?resize=300%2C169&#038;ssl=1\" alt=\"\" width=\"300\" height=\"169\" srcset=\"https:\/\/i0.wp.com\/saintlouisenthelle.org\/accueil\/wp-content\/uploads\/2019\/05\/champs-ete.jpg?resize=300%2C169&amp;ssl=1 300w, https:\/\/i0.wp.com\/saintlouisenthelle.org\/accueil\/wp-content\/uploads\/2019\/05\/champs-ete.jpg?resize=768%2C432&amp;ssl=1 768w, https:\/\/i0.wp.com\/saintlouisenthelle.org\/accueil\/wp-content\/uploads\/2019\/05\/champs-ete.jpg?w=1024&amp;ssl=1 1024w\" sizes=\"(max-width: 300px) 100vw, 300px\" \/><\/a><\/p>\n<p style=\"text-align: justify;\">La <strong>messe est c\u00e9l\u00e9br\u00e9e<\/strong> environ <strong>une fois par mois<\/strong> dans chacune des trois <strong>maisons de retraite<\/strong> de la paroisse : consultez les <a href=\"https:\/\/saintlouisenthelle.org\/accueil\/la-paroisse\/calendrier\/\">annonces paroissiales<\/a> de la semaine, qui annoncent ces messes.<\/p>\n<p style=\"text-align: justify;\">Il est possible de recevoir une visite d&#8217;une personne de la paroisse ou d&#8217;un pr\u00eatre, en <a href=\"https:\/\/saintlouisenthelle.org\/accueil\/nous-contacter\/accueil\/\">s&#8217;adressant \u00e0 la paroisse<\/a> ou \u00e0 l&#8217;une des personnes qui visitent les malades au nom de la paroisse\u00a0:\u00a0<a href=\"https:\/\/saintlouisenthelle.org\/accueil\/?page_id=199\">Visite aux personnes malades<\/a><\/p>\n<p>&nbsp;<\/p>\n<h3>Maisons de retraites pr\u00e9sentes dans la paroisse :<\/h3>\n<h4>EHPAD Louise-Michel \u00e0 Chambly<\/h4>\n<p>2 Place Descartes\u00a060230 Chambly<br \/>\n01 34 70 79 10<br \/>\nCorrespondants : Jean-Marie Gillardin et Christiane Poras<\/p>\n<h4>R\u00e9sidence Les C\u00e8dres (Domus Vi) \u00e0 Crouy-en-Thelle<\/h4>\n<p>(R\u00e9sidence m\u00e9dicalis\u00e9e et Maison de retraite)<br \/>\n188 Grande Rue 60530 Crouy-en-Thelle<br \/>\n03 44 73 92 80<br \/>\n<a href=\"http:\/\/www.cedrescrouyenthelle.com\" target=\"_blank\" rel=\"noopener noreferrer\">www.cedrescrouyenthelle.com<\/a><br \/>\nCorrespondante : Th\u00e9r\u00e8se Blanquet<\/p>\n<h4>Les Jardins M\u00e9dicis (Domus Vi) \u00e0 Esches<\/h4>\n<p>12 rue de l\u2019Argili\u00e8re 60110 Esches<br \/>\n03 44 12 40 20<br \/>\n<a href=\"http:\/\/www.medicisesches.com\" target=\"_blank\" rel=\"noopener noreferrer\">www.medicisesches.com<\/a><br \/>\nCorrespondant : G\u00e9rard Montagne<\/p>\n<p>&nbsp;<\/p>\n","protected":false},"excerpt":{"rendered":"<p>La messe est c\u00e9l\u00e9br\u00e9e environ une fois par mois dans chacune des trois maisons de retraite de la paroisse : consultez les annonces paroissiales de la semaine, qui annoncent ces&hellip;<\/p>\n","protected":false},"author":4,"featured_media":0,"parent":197,"menu_order":2,"comment_status":"closed","ping_status":"closed","template":"","meta":{"_lmt_disableupdate":"","_lmt_disable":"","footnotes":""},"class_list":["post-6908","page","type-page","status-publish","hentry"],"jetpack_shortlink":"https:\/\/wp.me\/P7Mpl1-1Nq","jetpack_sharing_enabled":true,"_links":{"self":[{"href":"https:\/\/saintlouisenthelle.org\/accueil\/wp-json\/wp\/v2\/pages\/6908","targetHints":{"allow":["GET"]}}],"collection":[{"href":"https:\/\/saintlouisenthelle.org\/accueil\/wp-json\/wp\/v2\/pages"}],"about":[{"href":"https:\/\/saintlouisenthelle.org\/accueil\/wp-json\/wp\/v2\/types\/page"}],"author":[{"embeddable":true,"href":"https:\/\/saintlouisenthelle.org\/accueil\/wp-json\/wp\/v2\/users\/4"}],"replies":[{"embeddable":true,"href":"https:\/\/saintlouisenthelle.org\/accueil\/wp-json\/wp\/v2\/comments?post=6908"}],"version-history":[{"count":28,"href":"https:\/\/saintlouisenthelle.org\/accueil\/wp-json\/wp\/v2\/pages\/6908\/revisions"}],"predecessor-version":[{"id":13587,"href":"https:\/\/saintlouisenthelle.org\/accueil\/wp-json\/wp\/v2\/pages\/6908\/revisions\/13587"}],"up":[{"embeddable":true,"href":"https:\/\/saintlouisenthelle.org\/accueil\/wp-json\/wp\/v2\/pages\/197"}],"wp:attachment":[{"href":"https:\/\/saintlouisenthelle.org\/accueil\/wp-json\/wp\/v2\/media?parent=6908"}],"curies":[{"name":"wp","href":"https:\/\/api.w.org\/{rel}","templated":true}]}}