{"id":4464,"date":"2015-10-02T12:00:04","date_gmt":"2015-10-02T10:00:04","guid":{"rendered":"http:\/\/saintlouisenthelle.org\/?page_id=4464"},"modified":"2026-09-01T12:03:19","modified_gmt":"2026-09-01T10:03:19","slug":"eveil-a-la-foi","status":"publish","type":"page","link":"https:\/\/saintlouisenthelle.org\/accueil\/jeunes\/eveil-a-la-foi\/","title":{"rendered":"\u00c9veil \u00e0 la Foi"},"content":{"rendered":"<p><!---\n\n\n<h3 style=\"text-align: center;\"><span style=\"font-size: 16pt;\">Les rencontres pour l'ann\u00e9e 2016-2017<\/span><\/h3>\n\n\n---><\/p>\n<p style=\"text-align: justify;\"><strong><img data-recalc-dims=\"1\" fetchpriority=\"high\" decoding=\"async\" class=\"alignright size-medium wp-image-13349\" src=\"https:\/\/i0.wp.com\/saintlouisenthelle.org\/accueil\/wp-content\/uploads\/2024\/09\/Eveil-a-la-foi.png?resize=300%2C201&#038;ssl=1\" alt=\"\" width=\"300\" height=\"201\" srcset=\"https:\/\/i0.wp.com\/saintlouisenthelle.org\/accueil\/wp-content\/uploads\/2024\/09\/Eveil-a-la-foi.png?resize=300%2C201&amp;ssl=1 300w, https:\/\/i0.wp.com\/saintlouisenthelle.org\/accueil\/wp-content\/uploads\/2024\/09\/Eveil-a-la-foi.png?resize=263%2C175&amp;ssl=1 263w, https:\/\/i0.wp.com\/saintlouisenthelle.org\/accueil\/wp-content\/uploads\/2024\/09\/Eveil-a-la-foi.png?w=359&amp;ssl=1 359w\" sizes=\"(max-width: 300px) 100vw, 300px\" \/>L&rsquo;\u00c9veil \u00e0 la foi<\/strong> s&rsquo;adresse aux <strong>enfants de 4 \u00e0 6 ans<\/strong> (en classe de <strong>Moyenne section<\/strong>, <strong>Grande section<\/strong> et <strong>CP<\/strong>), et \u00e0 leurs familles. C&rsquo;est une premi\u00e8re approche de la foi, pour soutenir les parents dans la d\u00e9couverte de la foi chr\u00e9tienne pour leurs enfants. Ils sont d\u00e9j\u00e0 capables de rencontrer J\u00e9sus et de d\u00e9couvrir qu&rsquo;ils sont aim\u00e9s de Dieu, personnellement.<\/p>\n<p>L&rsquo;\u00c9veil \u00e0 la foi se poursuit avec le <strong><a href=\"https:\/\/saintlouisenthelle.org\/accueil\/jeunes\/catechisme\/\">Cat\u00e9chisme<\/a><\/strong> (\u00e0 partir de la classe de <strong>CE1<\/strong>).<\/p>\n<h1 style=\"text-align: justify;\">\u00c9veil \u00e0 la foi &#8211; Ann\u00e9e 2026-2027 :<\/h1>\n<p>Il y aura deux groupes d&rsquo;<strong>\u00c9veil \u00e0 la foi<\/strong> cette ann\u00e9e. Les cat\u00e9chistes sont : <strong>Julien<\/strong> et <strong>Estelle<\/strong>.<br \/>\nLes enfants accueillis sont scolaris\u00e9s en classe de <strong>Moyenne section<\/strong>, <strong>Grande section<\/strong> et <strong>CP<\/strong>.<br \/>\nLes enfants seront r\u00e9partis dans les groupes apr\u00e8s les inscriptions.<\/p>\n<h2>Inscription en ligne (ann\u00e9e scolaire 2026-2027) :<\/h2>\n<ul>\n<li>cliquez sur ce lien (inscription en ligne) : <a href=\"https:\/\/w.enoria.link\/eveil-pays-de-thelle\" target=\"_blank\" rel=\"noopener\"><strong>Inscription \u00e0 l&rsquo;E\u0301veil a\u0300 la foi<\/strong><\/a> : <a href=\"https:\/\/w.enoria.link\/eveil-pays-de-thelle\" target=\"_blank\" rel=\"noopener\">https:\/\/w.enoria.link\/eveil-pays-de-thelle<\/a><\/li>\n<li><strong>Permanences d&rsquo;inscription<\/strong> \u00e0 la <strong>Maison paroissiale de Chambly<\/strong> (87 Avenue de Verdun) : les <strong>samedis<\/strong> de <strong>septembre<\/strong>, de <strong>10h \u00e0 midi<\/strong><\/li>\n<\/ul>\n<h2>Rendez-vous de la rentr\u00e9e :<\/h2>\n<h3>Dimanche <mark class=\"marker-yellow\"><strong>13 septembre<\/strong><\/mark> \u00e0 l\u2019<strong>\u00e9glise de Chambly<\/strong> :<br \/>\nForum paroissial et <mark class=\"marker-yellow\">Messe avec la <strong>b\u00e9n\u00e9diction des cartables<\/strong><\/mark><\/h3>\n<ul>\n<li style=\"list-style-type: none;\">\n<ul>\n<li>\u00e0 partir de <strong>9h30<\/strong> : <strong>Forum paroissial<\/strong><\/li>\n<li><mark class=\"marker-yellow\"><strong>10h30<\/strong> : messe avec la <strong>b\u00e9n\u00e9diction des cartables<\/strong><\/mark><\/li>\n<\/ul>\n<\/li>\n<\/ul>\n<h3>Dimanche <mark class=\"marker-yellow\"><strong>4 octobre<\/strong><\/mark>\u00a0:<br \/>\n<mark class=\"marker-yellow\"><strong>Messe des familles<\/strong>, <strong>f\u00eate du Cat\u00e9<\/strong><\/mark> et <mark class=\"marker-yellow\"><strong>r\u00e9union d&rsquo;information<\/strong><\/mark><strong> pour les parents<\/strong> :<\/h3>\n<ul>\n<li style=\"list-style-type: none;\">\n<ul>\n<li><mark class=\"marker-yellow\"><strong>10h30<\/strong> : <strong>messe des familles<\/strong><\/mark>\u00a0\u00e0 l\u2019\u00e9glise de <strong>Chambly<\/strong><\/li>\n<li class=\"ck-list-marker-bold\"><strong>f\u00eate du Cat\u00e9chisme et de l\u2019\u00c9veil \u00e0 la foi<\/strong><\/li>\n<li><mark class=\"marker-yellow\"><strong>r\u00e9union d&rsquo;information<\/strong><\/mark> pour les parents<\/li>\n<\/ul>\n<\/li>\n<\/ul>\n<p><i><strong>Nous vous y attendons !<\/strong><\/i><\/p>\n<div>\n<div>En cas de soucis, contactez Pascaline au 06 58 59 58 42<\/div>\n<\/div>\n<h3>Pour prendre contact :<\/h3>\n<ul>\n<li><strong>Pascaline MENDES DELIMAUGE<\/strong> &#8211; T\u00e9l. 06 58 59 58 42 &#8211; <a href=\"mailto:pascaline_mendesdelimauge@yahoo.fr\">pascaline_mendesdelimauge@yahoo.fr<\/a><\/li>\n<li><strong>Olivier CROISIC<\/strong> &#8211; T\u00e9l. \u202d06 27 00 62 52\u202c &#8211; <a href=\"mailto:croisic.olivier@gmail.com\">croisic.olivier@gmail.com<\/a><\/li>\n<\/ul>\n<p>&nbsp;<\/p>\n<h2>Calendrier des temps forts Cat\u00e9chisme et \u00c9veil \u00e0 la foi et messes des familles &#8211; Ann\u00e9e 2026-2027 :<\/h2>\n<div class=\"wp-block-pdfemb-pdf-embedder-viewer\"><a href=\"https:\/\/saintlouisenthelle.org\/accueil\/wp-content\/uploads\/2026\/07\/Calendrier-KT-2026-2027.pdf\" class=\"pdfemb-viewer\" style=\"\" data-width=\"max\" data-height=\"max\" data-toolbar=\"bottom\" data-toolbar-fixed=\"off\">Calendrier KT 2026-2027<\/a><\/div>\n","protected":false},"excerpt":{"rendered":"<p>L&rsquo;\u00c9veil \u00e0 la foi s&rsquo;adresse aux enfants de 4 \u00e0 6 ans (en classe de Moyenne section, Grande section et CP), et \u00e0 leurs familles. C&rsquo;est une premi\u00e8re approche de&hellip;<\/p>\n","protected":false},"author":4,"featured_media":0,"parent":168,"menu_order":1,"comment_status":"closed","ping_status":"open","template":"","meta":{"_lmt_disableupdate":"no","_lmt_disable":"","footnotes":""},"class_list":["post-4464","page","type-page","status-publish","hentry"],"jetpack_shortlink":"https:\/\/wp.me\/P7Mpl1-1a0","jetpack_sharing_enabled":true,"_links":{"self":[{"href":"https:\/\/saintlouisenthelle.org\/accueil\/wp-json\/wp\/v2\/pages\/4464","targetHints":{"allow":["GET"]}}],"collection":[{"href":"https:\/\/saintlouisenthelle.org\/accueil\/wp-json\/wp\/v2\/pages"}],"about":[{"href":"https:\/\/saintlouisenthelle.org\/accueil\/wp-json\/wp\/v2\/types\/page"}],"author":[{"embeddable":true,"href":"https:\/\/saintlouisenthelle.org\/accueil\/wp-json\/wp\/v2\/users\/4"}],"replies":[{"embeddable":true,"href":"https:\/\/saintlouisenthelle.org\/accueil\/wp-json\/wp\/v2\/comments?post=4464"}],"version-history":[{"count":90,"href":"https:\/\/saintlouisenthelle.org\/accueil\/wp-json\/wp\/v2\/pages\/4464\/revisions"}],"predecessor-version":[{"id":14955,"href":"https:\/\/saintlouisenthelle.org\/accueil\/wp-json\/wp\/v2\/pages\/4464\/revisions\/14955"}],"up":[{"embeddable":true,"href":"https:\/\/saintlouisenthelle.org\/accueil\/wp-json\/wp\/v2\/pages\/168"}],"wp:attachment":[{"href":"https:\/\/saintlouisenthelle.org\/accueil\/wp-json\/wp\/v2\/media?parent=4464"}],"curies":[{"name":"wp","href":"https:\/\/api.w.org\/{rel}","templated":true}]}}