{"id":162,"date":"2011-10-10T12:00:37","date_gmt":"2011-10-10T10:00:37","guid":{"rendered":"http:\/\/saintlouisenthelle.org\/?page_id=162"},"modified":"2026-04-09T17:02:55","modified_gmt":"2026-04-09T15:02:55","slug":"mariage","status":"publish","type":"page","link":"https:\/\/saintlouisenthelle.org\/accueil\/sacrements\/mariage\/","title":{"rendered":"Mariage"},"content":{"rendered":"<h2 style=\"text-align: justify;\">Qu&#8217;est-ce que le mariage chr\u00e9tien ?<\/h2>\n<p style=\"text-align: justify;\"><img data-recalc-dims=\"1\" decoding=\"async\" class=\"alignright wp-image-7950 size-thumbnail\" src=\"https:\/\/i0.wp.com\/saintlouisenthelle.org\/accueil\/wp-content\/uploads\/2020\/04\/mariage.gif?resize=150%2C150&#038;ssl=1\" alt=\"\" width=\"150\" height=\"150\" srcset=\"https:\/\/i0.wp.com\/saintlouisenthelle.org\/accueil\/wp-content\/uploads\/2020\/04\/mariage.gif?resize=150%2C150&amp;ssl=1 150w, https:\/\/i0.wp.com\/saintlouisenthelle.org\/accueil\/wp-content\/uploads\/2020\/04\/mariage.gif?zoom=2&amp;resize=150%2C150&amp;ssl=1 300w, https:\/\/i0.wp.com\/saintlouisenthelle.org\/accueil\/wp-content\/uploads\/2020\/04\/mariage.gif?zoom=3&amp;resize=150%2C150&amp;ssl=1 450w\" sizes=\"(max-width: 150px) 100vw, 150px\" \/>Le mariage \u00e0 l&#8217;\u00e9glise, c&#8217;est l&#8217;union d&#8217;une femme et d&#8217;un homme <strong>dans l&#8217;alliance d&#8217;un amour vrai<\/strong>, <strong>devant Dieu<\/strong> et <strong>devant les hommes<\/strong>.<\/p>\n<div style=\"text-align: justify;\">\n<p>C&#8217;est s&#8217;engager \u00e0 vivre dans la fid\u00e9lit\u00e9 totale, \u00e0 accueillir les enfants et leur assurer une \u00e9ducation chr\u00e9tienne. C&#8217;est croire que Dieu est pr\u00e9sent dans le\u00a0quotidien, lui donner sa place dans la vie de tous les jours, par la pri\u00e8re et l&#8217;\u00e9coute de sa Parole.<br \/>\nAu cours de la c\u00e9l\u00e9bration, en pr\u00e9sence de l&#8217;assembl\u00e9e, le pr\u00eatre ou le diacre re\u00e7oit l&#8217;engagement des \u00e9poux.<\/p>\n<blockquote><p><em><span lang=\"fr\"><b>Quel est le dessein de Dieu sur l\u2019homme et sur la femme\u00a0?<br \/>\n<\/b><\/span><\/em><span lang=\"fr\">Dieu, qui est amour et qui a cr\u00e9\u00e9 l\u2019homme par amour, l\u2019a appel\u00e9 \u00e0 aimer. En cr\u00e9ant l\u2019homme et la femme, il les a appel\u00e9s, dans le Mariage, \u00e0 une intime communion de vie et d\u2019amour entre eux, \u00ab\u00a0\u00e0 cause de cela, ils ne sont plus deux, mais un seul\u00a0\u00bb (<i>Mt\u00a0<\/i>19,6). En les b\u00e9nissant, Dieu leur a dit\u00a0: \u00ab\u00a0Soyez f\u00e9conds et multipliez-vous \u00bb (<i>Gn\u00a0<\/i>1,28).<br \/>\n(<a href=\"http:\/\/www.vatican.va\/archive\/compendium_ccc\/documents\/archive_2005_compendium-ccc_fr.html#LES%20SACRAMENTS%20AU%20SERVICE%20DE%20LA%20COMMUNION%20ET%20DE%20LA%20MISSION\" target=\"_blank\" rel=\"noopener noreferrer\"><em>Compendium du Cat\u00e9chisme de l\u2019\u00c9glise catholique<\/em>, n. 337<\/a>)<\/span><\/p><\/blockquote>\n<div style=\"position: relative; padding-bottom: 56.25%; height: 0; overflow: hidden;\"><iframe style=\"width: 100%; height: 100%; position: absolute; left: 0px; top: 0px; overflow: hidden;\" src=\"https:\/\/www.dailymotion.com\/embed\/video\/x83xm5y?autoplay=1\" width=\"100%\" height=\"100%\" frameborder=\"0\" allowfullscreen=\"allowfullscreen\"> <\/iframe><\/div>\n<h2>La pr\u00e9paration au mariage<\/h2>\n<p>Elle consiste en <strong>plusieurs r\u00e9unions<\/strong> d&#8217;\u00e9changes, de r\u00e9flexion et de formation avec des couples mari\u00e9s et les pr\u00eatres de la paroisse (y compris si l&#8217;un ou l&#8217;autre des fianc\u00e9s n&#8217;est pas baptis\u00e9).<\/p>\n<p>La <strong>pr\u00e9paration<\/strong> commence en novembre \/ d\u00e9cembre qui pr\u00e9c\u00e8dent l&#8217;ann\u00e9e du mariage, et se poursuit jusqu&#8217;\u00e0 la c\u00e9l\u00e9bration du mariage. La participation \u00e0 l&#8217;ensemble de la pr\u00e9paration est <strong>obligatoire<\/strong> pour les deux fianc\u00e9s.<\/p>\n<p>Les <strong>rencontres en groupe<\/strong> comprennent <strong>3 soir\u00e9es<\/strong>, <strong>un Dimanche matin<\/strong> et <strong>un Dimanche apr\u00e8s-midi<\/strong>, anim\u00e9es par des couples de la paroisse et les pr\u00eatres.<br \/>\nEnsuite, pour chaque couple,\u00a0<strong>plusieurs rencontres avec le pr\u00eatre<\/strong> seront fix\u00e9es (2 \u00e0 3 rencontres, en g\u00e9n\u00e9ral), afin de poursuivre la pr\u00e9paration, jusqu&#8217;\u00e0 la c\u00e9l\u00e9bration du mariage.<\/p>\n<p>La pr\u00e9paration s&#8217;effectue n\u00e9cessairement <strong>dans la paroisse de r\u00e9sidence<\/strong> des fianc\u00e9s. Si vous habitez dans une autre paroisse, contactez-la pour y suivre la pr\u00e9paration.<\/p>\n<p><a href=\"https:\/\/i0.wp.com\/saintlouisenthelle.org\/accueil\/wp-content\/uploads\/2023\/05\/alliances-crucifix.jpg?ssl=1\" data-rel=\"penci-gallery-image-content\" ><img data-recalc-dims=\"1\" fetchpriority=\"high\" decoding=\"async\" class=\"aligncenter size-full wp-image-12576\" src=\"https:\/\/i0.wp.com\/saintlouisenthelle.org\/accueil\/wp-content\/uploads\/2023\/05\/alliances-crucifix.jpg?resize=640%2C427&#038;ssl=1\" alt=\"\" width=\"640\" height=\"427\" srcset=\"https:\/\/i0.wp.com\/saintlouisenthelle.org\/accueil\/wp-content\/uploads\/2023\/05\/alliances-crucifix.jpg?w=640&amp;ssl=1 640w, https:\/\/i0.wp.com\/saintlouisenthelle.org\/accueil\/wp-content\/uploads\/2023\/05\/alliances-crucifix.jpg?resize=300%2C200&amp;ssl=1 300w, https:\/\/i0.wp.com\/saintlouisenthelle.org\/accueil\/wp-content\/uploads\/2023\/05\/alliances-crucifix.jpg?resize=585%2C390&amp;ssl=1 585w, https:\/\/i0.wp.com\/saintlouisenthelle.org\/accueil\/wp-content\/uploads\/2023\/05\/alliances-crucifix.jpg?resize=263%2C175&amp;ssl=1 263w\" sizes=\"(max-width: 640px) 100vw, 640px\" \/><\/a><\/p>\n<\/div>\n<h2>Concr\u00e8tement&#8230;<\/h2>\n<h4>\u2192 faites une <a href=\"https:\/\/public.enoria.app\/pubinsc\/gp\/f4159ad8c75083c\/open\" target=\"_blank\" rel=\"noopener\"><span style=\"color: #ff0000;\">pr\u00e9-inscription en ligne<\/span><\/a> :<\/h4>\n<p>Remplissez le <strong><a href=\"https:\/\/public.enoria.app\/pubinsc\/gp\/f4159ad8c75083c\/open\" target=\"_blank\" rel=\"noopener\">formulaire de pr\u00e9-inscription<\/a><\/strong> pour votre projet de mariage : <a href=\"https:\/\/w.enoria.link\/mariage-chambly\" target=\"_blank\" rel=\"noopener\">https:\/\/w.enoria.link\/mariage-chambly<\/a> (formulaire ouvert le 1<sup>er<\/sup> janvier 2026, jusqu&#8217;au 1<sup>er<\/sup> novembre 2026, pour les mariages en 2027).<\/p>\n<p style=\"text-align: justify;\"><span style=\"color: #0000ff;\"><strong>\u21d2 puis venez en couple<\/strong>\u00a0(tous les deux) lors d\u2019une permanence d\u2019Accueil de la paroisse<\/span> pour finaliser la demande :<br \/>\nles demandes sont prises <strong>en fonction des disponibilit\u00e9s<\/strong> des pr\u00eatres et des \u00e9glises de la paroisse, qui sont limit\u00e9es.<br \/>\nLe parcours de pr\u00e9paration commence \u00e0 l&#8217;automne (vous recevrez le calendrier des rencontres en octobre).<\/p>\n<p>Les mariages sont normalement c\u00e9l\u00e9br\u00e9s dans la paroisse de r\u00e9sidence des fianc\u00e9s. Pour les\u00a0couples ext\u00e9rieurs souhaitant se marier dans notre paroisse et toute autre situation, merci de prendre contact par mail (<a href=\"mailto:paroisse.saint.louis.thelle@gmail.com\">paroisse.saint.louis.thelle@gmail.com<\/a>) \u00e0 l&#8217;attention de M. le cur\u00e9, explicitant les raisons de la demande.<\/p>\n<p style=\"text-align: justify;\">Aucune demande n&#8217;est prise par t\u00e9l\u00e9phone ou par email.<\/p>\n<p><strong># Accueil paroissial \u00e0 Chambly :<br \/>\n<\/strong>Maison paroissiale Saint Louis en Thelle<strong><br \/>\n<\/strong><a href=\"https:\/\/fr.mappy.com\/plan#\/87%20Avenue%20de%20Verdun%2C%2060230%20Chambly\" target=\"_blank\" rel=\"noopener noreferrer\">87 Avenue de Verdun<\/a> \u00e0 Chambly<\/p>\n<ul>\n<li>mercredi de 18h \u00e0 19h30<\/li>\n<li>samedi de 10h \u00e0 12h<\/li>\n<\/ul>\n<p><strong><br \/>\n# Accueil paroissial \u00e0 \u00e0 Neuilly-en-Thelle :<br \/>\n<\/strong>Maison paroissiale Sainte Jeanne d\u2019Arc<br \/>\n<a href=\"https:\/\/fr.mappy.com\/plan#\/1%20Chemin%20Jeanne%20d'Arc%2C%2060530%20Neuilly-en-Thelle\" target=\"_blank\" rel=\"noopener\">1 chemin Jeanne d\u2019Arc<\/a>\u00a0\u00e0 Neuilly-en-Thelle<\/p>\n<ul>\n<li>samedi de 10h \u00e0 11h30<\/li>\n<\/ul>\n<p>&nbsp;<\/p>\n<h2>Pour les projets de mariage en 2027 :<\/h2>\n<p style=\"text-align: justify;\">Les inscriptions sont ouvertes jusqu&#8217;au <em><strong>1<sup>er<\/sup> novembre 2026<\/strong><\/em>.<br \/>\nLa pr\u00e9paration commence en novembre\/d\u00e9cembre.<\/p>\n<p style=\"text-align: justify;\">Au-del\u00e0 de cette date (1<sup>er<\/sup> novembre), les demandes seront prises pour des mariages <strong>en 2028<\/strong>.<\/p>\n<p>&nbsp;<\/p>\n<h2>Quel est le co\u00fbt d&#8217;un mariage ?<\/h2>\n<p style=\"text-align: justify;\">Un sacrement n&#8217;a pas de <em><strong>prix<\/strong><\/em>, mais la vie de l\u2019\u00c9glise a un <em><strong>co\u00fbt<\/strong><\/em> : pour participer aux frais de la paroisse et de l\u2019\u00c9glise dioc\u00e9saine, <strong>l&#8217;offrande pour le mariage<\/strong> (appel\u00e9e &#8220;casuel&#8221;) est d&#8217;<strong>un montant<\/strong> compris <strong>entre 320 \u20ac<\/strong> et <strong>840 \u20ac<\/strong> (bar\u00e8me pour un <strong>mariage en 2027<\/strong>), \u00e0 fixer par les fianc\u00e9s dans cette fourchette, en fonction de leurs possibilit\u00e9s. Cette offrande est \u00e0 remettre au cours de la pr\u00e9paration (\u00e0 partir du mois de janvier de l&#8217;ann\u00e9e du mariage).<br \/>\nL&#8217;offrande est \u00e0 verser par ch\u00e8que bancaire, par carte bancaire (paiement en ligne s\u00e9curis\u00e9), ou en esp\u00e8ces.<\/p>\n<p>&nbsp;<\/p>\n<h2>Pour d\u00e9couvrir ou aller plus loin :<\/h2>\n<ul>\n<li>le sacrement du <a href=\"https:\/\/eglise.catholique.fr\/approfondir-sa-foi\/la-celebration-de-la-foi\/les-sacrements\/le-mariage\/\" target=\"_blank\" rel=\"noopener\">mariage<\/a><\/li>\n<li><a href=\"https:\/\/eglise.catholique.fr\/approfondir-sa-foi\/la-celebration-de-la-foi\/les-sacrements\/le-mariage\/372996-pourquoi-se-marier-a-leglise\/\" target=\"_blank\" rel=\"noopener\">Pourquoi se marier \u00e0 l\u2019\u00e9glise ?<\/a><\/li>\n<li><a href=\"https:\/\/eglise.catholique.fr\/approfondir-sa-foi\/la-celebration-de-la-foi\/les-sacrements\/le-mariage\/372436-comment-eclairer-le-choix-de-se-marier\/\" target=\"_blank\" rel=\"noopener\">Comment \u00e9clairer le choix de se marier ?<\/a><\/li>\n<li><a href=\"https:\/\/eglise.catholique.fr\/approfondir-sa-foi\/la-celebration-de-la-foi\/les-sacrements\/le-mariage\/438614-signification-chretienne-mariage\/\" target=\"_blank\" rel=\"noopener\">Quelle est la signification chr\u00e9tienne du mariage ?<\/a><\/li>\n<\/ul>\n<p>&nbsp;<\/p>\n","protected":false},"excerpt":{"rendered":"<p>Qu&#8217;est-ce que le mariage chr\u00e9tien ? Le mariage \u00e0 l&#8217;\u00e9glise, c&#8217;est l&#8217;union d&#8217;une femme et d&#8217;un homme dans l&#8217;alliance d&#8217;un amour vrai, devant Dieu et devant les hommes. C&#8217;est s&#8217;engager&hellip;<\/p>\n","protected":false},"author":4,"featured_media":0,"parent":147,"menu_order":6,"comment_status":"closed","ping_status":"open","template":"","meta":{"_lmt_disableupdate":"no","_lmt_disable":"","footnotes":""},"class_list":["post-162","page","type-page","status-publish","hentry"],"jetpack_shortlink":"https:\/\/wp.me\/P7Mpl1-2C","jetpack_sharing_enabled":true,"_links":{"self":[{"href":"https:\/\/saintlouisenthelle.org\/accueil\/wp-json\/wp\/v2\/pages\/162","targetHints":{"allow":["GET"]}}],"collection":[{"href":"https:\/\/saintlouisenthelle.org\/accueil\/wp-json\/wp\/v2\/pages"}],"about":[{"href":"https:\/\/saintlouisenthelle.org\/accueil\/wp-json\/wp\/v2\/types\/page"}],"author":[{"embeddable":true,"href":"https:\/\/saintlouisenthelle.org\/accueil\/wp-json\/wp\/v2\/users\/4"}],"replies":[{"embeddable":true,"href":"https:\/\/saintlouisenthelle.org\/accueil\/wp-json\/wp\/v2\/comments?post=162"}],"version-history":[{"count":78,"href":"https:\/\/saintlouisenthelle.org\/accueil\/wp-json\/wp\/v2\/pages\/162\/revisions"}],"predecessor-version":[{"id":14686,"href":"https:\/\/saintlouisenthelle.org\/accueil\/wp-json\/wp\/v2\/pages\/162\/revisions\/14686"}],"up":[{"embeddable":true,"href":"https:\/\/saintlouisenthelle.org\/accueil\/wp-json\/wp\/v2\/pages\/147"}],"wp:attachment":[{"href":"https:\/\/saintlouisenthelle.org\/accueil\/wp-json\/wp\/v2\/media?parent=162"}],"curies":[{"name":"wp","href":"https:\/\/api.w.org\/{rel}","templated":true}]}}