{"id":12368,"date":"2023-03-17T12:00:08","date_gmt":"2023-03-17T11:00:08","guid":{"rendered":"https:\/\/saintlouisenthelle.org\/accueil\/?page_id=12368"},"modified":"2026-01-24T22:47:15","modified_gmt":"2026-01-24T21:47:15","slug":"lutter-contre-les-abus","status":"publish","type":"page","link":"https:\/\/saintlouisenthelle.org\/accueil\/la-paroisse\/lutter-contre-les-abus\/","title":{"rendered":"Lutter contre les abus"},"content":{"rendered":"<h1>Pr\u00e9vention et protection des mineurs<\/h1>\n<p style=\"text-align: justify;\"><i>\u00ab Le meilleur r\u00e9sultat et la plus efficace r\u00e9solution que nous puissions offrir aux victimes, au peuple de la sainte m\u00e8re \u00c9glise et au monde entier, c\u2019est l\u2019engagement \u00e0 une conversion personnelle et collective, l\u2019humilit\u00e9 d\u2019apprendre, d\u2019\u00e9couter, d\u2019assister et de prot\u00e9ger les plus vuln\u00e9rables. \u00bb<\/i> (Pape Fran\u00e7ois, <a href=\"https:\/\/eglise.catholique.fr\/sengager-dans-la-societe\/lutter-contre-pedophilie\/rencontre-protection-mineurs-leglise\/476097-discours-final-pape-sommet-protection-mineurs\/\" target=\"_blank\" rel=\"noopener\"><em>Discours final au sommet sur la protection des mineurs<\/em><\/a>, 24 f\u00e9vrier 2019)<\/p>\n<h2><strong>Charte de bientraitance pour la protection des mineurs<\/strong><\/h2>\n<p style=\"text-align: justify;\"><a href=\"https:\/\/catechese.catholique.fr\/outils\/conference-contribution\/324925-charte-de-bientraitance-pour-la-protection-des-mineurs\/\" target=\"_blank\" rel=\"noopener\"><img data-recalc-dims=\"1\" fetchpriority=\"high\" decoding=\"async\" class=\"alignleft wp-image-12726 size-medium\" src=\"https:\/\/i0.wp.com\/saintlouisenthelle.org\/accueil\/wp-content\/uploads\/2023\/09\/charte-bientraitance.png?resize=300%2C231&#038;ssl=1\" alt=\"\" width=\"300\" height=\"231\" srcset=\"https:\/\/i0.wp.com\/saintlouisenthelle.org\/accueil\/wp-content\/uploads\/2023\/09\/charte-bientraitance.png?resize=300%2C231&amp;ssl=1 300w, https:\/\/i0.wp.com\/saintlouisenthelle.org\/accueil\/wp-content\/uploads\/2023\/09\/charte-bientraitance.png?resize=768%2C592&amp;ssl=1 768w, https:\/\/i0.wp.com\/saintlouisenthelle.org\/accueil\/wp-content\/uploads\/2023\/09\/charte-bientraitance.png?resize=585%2C451&amp;ssl=1 585w, https:\/\/i0.wp.com\/saintlouisenthelle.org\/accueil\/wp-content\/uploads\/2023\/09\/charte-bientraitance.png?w=1024&amp;ssl=1 1024w\" sizes=\"(max-width: 300px) 100vw, 300px\" \/><\/a>Dans les activit\u00e9s avec les enfants et les jeunes, nous cherchons \u00e0 adopter une attitude ajust\u00e9e de bientraitance \u00e9ducative.<\/p>\n<p style=\"text-align: justify;\">Vot\u00e9e par les \u00e9v\u00eaques de France lors de l\u2019<a class=\"glossary-term link-icon\" title=\"Organe d'expression de la Conf\u00e9rence des \u00e9v\u00eaques de France.\" href=\"https:\/\/eglise.catholique.fr\/glossaire\/assemblee-pleniere\" target=\"_blank\" rel=\"noopener\">Assembl\u00e9e pl\u00e9ni\u00e8re<\/a> de novembre 2021, la <a href=\"https:\/\/catechese.catholique.fr\/outils\/conference-contribution\/324925-charte-de-bientraitance-pour-la-protection-des-mineurs\/\" target=\"_blank\" rel=\"noopener\"><strong>charte nationale de bientraitance pour la protection des mineurs<\/strong><\/a> a pour objectif de mettre \u00e0 disposition des responsables de mouvements d\u2019E\u0301glise, et de toutes les personnes engag\u00e9es dans une responsabilit\u00e9 aupr\u00e8s des mineurs, un support pour \u00e9tablir une culture de bienveillance, de vigilance et de protection.<\/p>\n<p style=\"text-align: justify;\">5 points d\u2019attention sont <a class=\"link-icon\" href=\"https:\/\/eglise.catholique.fr\/sengager-dans-la-societe\/lutter-contre-pedophilie\/actualite-de-lutte-contre-pedophilie\/525644-charte-de-bientraitance-pour-la-protection-des-mineurs\/\" target=\"_blank\" rel=\"noopener noreferrer\">mis en avant dans l\u2019infographie<\/a> : la bienveillance, la croissance de l\u2019enfant, la protection, l\u2019environnement, l\u2019attitude \u00e9ducative juste et responsable.<\/p>\n<h2>Formation pour les accompagnateurs de jeunes<\/h2>\n<p style=\"text-align: justify;\">Dans le but de prot\u00e9ger les enfants, les jeunes et les personnes les plus fragiles, et de rendre nos lieux d&#8217;Eglise toujours plus s\u00fbrs, le dioc\u00e8se de Beauvais met en place une formation qui est demand\u00e9e \u00e0 tous les adultes qui encadrent des mineurs dans le cadre de l&#8217;Eglise. Cette d\u00e9marche contribue \u00e0 d\u00e9velopper une culture de la bientraitance et de la confiance, afin de mieux prot\u00e9ger et accompagner les jeunes qui nous sont confi\u00e9s.<\/p>\n<p>La formation comporte trois volets :<\/p>\n<ul>\n<li><a href=\"https:\/\/stopabus.dioceseparis.fr\" target=\"_blank\" rel=\"noopener\"><strong>e-formation &#8220;StopAbus prot\u00e9ger l&#8217;enfance&#8221;<\/strong><\/a>, en collaboration avec le dioc\u00e8se de Paris<\/li>\n<li>pr\u00e9sentation annuelle de l&#8217;<a href=\"https:\/\/casier-judiciaire.justice.gouv.fr\/\" target=\"_blank\" rel=\"noopener\">extrait de casier judiciaire (bulletin n\u00b03)<\/a><\/li>\n<li>formation continue<\/li>\n<\/ul>\n<h1>Journ\u00e9e m\u00e9morielle de pri\u00e8re<\/h1>\n<h6>Prier pour les personnes victimes<br \/>\nde violences et agressions sexuelles et d\u2019abus de pouvoir et de conscience au sein de l\u2019<strong>\u00c9<\/strong>glise.<\/h6>\n<p><a href=\"https:\/\/i0.wp.com\/saintlouisenthelle.org\/accueil\/wp-content\/uploads\/2023\/02\/prier-abus-dans-l-eglise.jpg?ssl=1\" data-rel=\"penci-gallery-image-content\" ><img data-recalc-dims=\"1\" decoding=\"async\" class=\"aligncenter wp-image-12239 size-medium\" src=\"https:\/\/i0.wp.com\/saintlouisenthelle.org\/accueil\/wp-content\/uploads\/2023\/02\/prier-abus-dans-l-eglise-300x225.jpg?resize=300%2C225&#038;ssl=1\" alt=\"\" width=\"300\" height=\"225\" srcset=\"https:\/\/i0.wp.com\/saintlouisenthelle.org\/accueil\/wp-content\/uploads\/2023\/02\/prier-abus-dans-l-eglise.jpg?resize=300%2C225&amp;ssl=1 300w, https:\/\/i0.wp.com\/saintlouisenthelle.org\/accueil\/wp-content\/uploads\/2023\/02\/prier-abus-dans-l-eglise.jpg?w=768&amp;ssl=1 768w\" sizes=\"(max-width: 300px) 100vw, 300px\" \/><\/a><\/p>\n<h3>Autour du 3<sup>e<\/sup>\u00a0vendredi de Car\u00eame &#8211;\u00a0Messes et pri\u00e8res<\/h3>\n<p style=\"text-align: justify;\">Les \u00e9v\u00eaques de France, en novembre 2021, ont recommand\u00e9 que la <strong>journ\u00e9e de pri\u00e8re pour les personnes victimes de violences et agressions sexuelles et d\u2019abus de pouvoir et de conscience dans l\u2019\u00c9glise<\/strong>, voulue par le Saint-P\u00e8re, soit d\u00e9sormais c\u00e9l\u00e9br\u00e9e dans les dioc\u00e8ses de France chaque ann\u00e9e autour du <span class=\"texte2\"><strong>3<sup>e<\/sup> vendredi de Car\u00eame<\/strong><\/span>.<\/p>\n<h3>Dans notre paroisse :<\/h3>\n<p style=\"text-align: justify;\">Nous prions pour les victimes d&#8217;abus dans l&#8217;\u00c9glise lors d&#8217;<strong>un <\/strong><span class=\"texte2\"><strong>Dimanche proche du 3<sup>e<\/sup> vendredi de Car\u00eame<\/strong>, pendant la messe principale de la paroisse (Dimanche matin en l&#8217;<strong>\u00e9glise de Chambly<\/strong><\/span><span class=\"texte2\">) : cette intention est port\u00e9e dans la pri\u00e8re de la communaut\u00e9 paroissiale, tourn\u00e9e vers le Seigneur, implorant son pardon et sa lumi\u00e8re pour nous aider \u00e0 avancer \u00e0 sa suite d&#8217;une mani\u00e8re renouvel\u00e9e pour contribuer \u00e0 faire de l&#8217;\u00c9glise &#8220;une maison s\u00fbre&#8221; pour tous ses enfants.\u00a0<\/span><\/p>\n<h3>Outils\u00a0pour la pri\u00e8re, la liturgie et la m\u00e9ditation\u00a0:<\/h3>\n<p style=\"text-align: justify;\"><strong>&gt; Document <em>\u00ab T\u00e9moins et acteurs, ensemble pour une vie nouvelle en \u00c9glise \u00bb<\/em><\/strong>, dossier liturgique, outils d&#8217;animation et propositions du <a href=\"https:\/\/eglise.catholique.fr\/sengager-dans-la-societe\/lutter-contre-pedophilie\/journee-annuelle-de-memoire-et-de-priere-pour-les-personnes-victimes-dagressions-sexuelles\/\" target=\"_blank\" rel=\"noopener\">Service national pour la protection des mineurs<\/a>.<\/p>\n<h3>Ressources :<\/h3>\n<ul>\n<li>Le <strong>dioc\u00e8se de Beauvais<\/strong> :\n<p id=\"parent-fieldname-title\" class=\"documentFirstHeading\">&gt; Prier pour les victimes d&#8217;abus au sein de l&#8217;\u00c9glise<br \/>\n&gt; <a href=\"https:\/\/oise.catholique.fr\/diocese\/vie-diocesaine\/cellule\/\" target=\"_blank\" rel=\"noopener\">Lutter contre les abus : cellule d&#8217;accueil et d&#8217;\u00e9coute du dioc\u00e8se de Beauvais<\/a><\/p>\n<\/li>\n<\/ul>\n<p><img data-recalc-dims=\"1\" decoding=\"async\" class=\"aligncenter size-full wp-image-12407\" src=\"https:\/\/i0.wp.com\/saintlouisenthelle.org\/accueil\/wp-content\/uploads\/2023\/04\/cellule-ecoute-victimes-diocese-beauvais.jpg?resize=400%2C282&#038;ssl=1\" alt=\"\" width=\"400\" height=\"282\" srcset=\"https:\/\/i0.wp.com\/saintlouisenthelle.org\/accueil\/wp-content\/uploads\/2023\/04\/cellule-ecoute-victimes-diocese-beauvais.jpg?w=400&amp;ssl=1 400w, https:\/\/i0.wp.com\/saintlouisenthelle.org\/accueil\/wp-content\/uploads\/2023\/04\/cellule-ecoute-victimes-diocese-beauvais.jpg?resize=300%2C212&amp;ssl=1 300w\" sizes=\"(max-width: 400px) 100vw, 400px\" \/><\/p>\n<ul>\n<li>La <strong>Conf\u00e9rence des \u00e9v\u00eaques de France (CEF)<\/strong> :<\/li>\n<\/ul>\n<p>&gt; portail <a class=\"link-icon\" href=\"https:\/\/eglise.catholique.fr\/sengager-dans-la-societe\/lutter-contre-pedophilie\/\" target=\"_blank\" rel=\"noopener\">\u00ab Lutter contre la p\u00e9dophilie \u00bb<\/a>\u00a0sur le site de la CEF<br \/>\n&gt; <a class=\"link-icon\" href=\"https:\/\/eglise.catholique.fr\/sengager-dans-la-societe\/lutter-contre-pedophilie\/outils-et-ressources\/\" target=\"_blank\" rel=\"noopener\">outils et ressources<\/a> : textes et documents de r\u00e9f\u00e9rence sur la lutte contre la p\u00e9dophilie dans l\u2019\u00c9glise<br \/>\n&gt; site web d\u00e9di\u00e9 : <a class=\"link-icon\" href=\"https:\/\/luttercontrelapedophilie.catholique.fr\/\" target=\"_blank\" rel=\"noopener\">luttercontrelapedophilie.catholique.fr<\/a><br \/>\n&gt; dashboard de suivi des mesures : <a class=\"link-icon\" href=\"https:\/\/www.fairedelegliseunemaisonsure.fr\/\" target=\"_blank\" rel=\"noopener\">www.fairedelegliseunemaisonsure.fr<\/a><br \/>\n&gt; <a href=\"https:\/\/eglise.catholique.fr\/sengager-dans-la-societe\/lutter-contre-pedophilie\/temoins-et-acteurs-ensemble-pour-une-vie-nouvelle-en-eglise-journee-memorielle-annuelle-de-priere-pour-les-victimes-dagressions-sexuelles\/\" target=\"_blank\" rel=\"noopener\">Journ\u00e9e annuelle de m\u00e9moire et de pri\u00e8re pour les victimes d\u2019agressions sexuelles<\/a><\/p>\n<p><a href=\"https:\/\/luttercontrelapedophilie.catholique.fr\" target=\"_blank\" rel=\"noopener\"><img data-recalc-dims=\"1\" loading=\"lazy\" decoding=\"async\" class=\"aligncenter wp-image-14526 size-medium\" src=\"https:\/\/i0.wp.com\/saintlouisenthelle.org\/accueil\/wp-content\/uploads\/2026\/01\/lutter-contre-la-pedophilie-cef-1024x225-1.jpg?resize=300%2C66&#038;ssl=1\" alt=\"\" width=\"300\" height=\"66\" srcset=\"https:\/\/i0.wp.com\/saintlouisenthelle.org\/accueil\/wp-content\/uploads\/2026\/01\/lutter-contre-la-pedophilie-cef-1024x225-1.jpg?resize=300%2C66&amp;ssl=1 300w, https:\/\/i0.wp.com\/saintlouisenthelle.org\/accueil\/wp-content\/uploads\/2026\/01\/lutter-contre-la-pedophilie-cef-1024x225-1.jpg?resize=768%2C169&amp;ssl=1 768w, https:\/\/i0.wp.com\/saintlouisenthelle.org\/accueil\/wp-content\/uploads\/2026\/01\/lutter-contre-la-pedophilie-cef-1024x225-1.jpg?resize=585%2C129&amp;ssl=1 585w, https:\/\/i0.wp.com\/saintlouisenthelle.org\/accueil\/wp-content\/uploads\/2026\/01\/lutter-contre-la-pedophilie-cef-1024x225-1.jpg?w=1024&amp;ssl=1 1024w\" sizes=\"(max-width: 300px) 100vw, 300px\" \/><\/a><\/p>\n<ul>\n<li>La <strong>Commission ind\u00e9pendante sur les abus sexuels dans l\u2019\u00c9glise<\/strong> (CIASE) :<\/li>\n<\/ul>\n<p><a href=\"https:\/\/www.ciase.fr\/medias\/Ciase-Rapport-5-octobre-2021-Les-violences-sexuelles-dans-l-Eglise-catholique-France-1950-2020.pdf\" target=\"_blank\" rel=\"noopener\"><img data-recalc-dims=\"1\" loading=\"lazy\" decoding=\"async\" class=\"alignright wp-image-10815 size-medium\" src=\"https:\/\/i0.wp.com\/saintlouisenthelle.org\/accueil\/wp-content\/uploads\/2021\/10\/Ciase-Resume-du-rapport-5-octobre-2021.jpg?resize=188%2C300&#038;ssl=1\" alt=\"\" width=\"188\" height=\"300\" srcset=\"https:\/\/i0.wp.com\/saintlouisenthelle.org\/accueil\/wp-content\/uploads\/2021\/10\/Ciase-Resume-du-rapport-5-octobre-2021.jpg?resize=188%2C300&amp;ssl=1 188w, https:\/\/i0.wp.com\/saintlouisenthelle.org\/accueil\/wp-content\/uploads\/2021\/10\/Ciase-Resume-du-rapport-5-octobre-2021.jpg?w=350&amp;ssl=1 350w\" sizes=\"(max-width: 188px) 100vw, 188px\" \/><\/a><\/p>\n<p><a href=\"https:\/\/www.ciase.fr\/medias\/Ciase-Rapport-5-octobre-2021-Annexe-AN32-Recueil-de-temoignages-De-victimes-a-temoins.pdf\" target=\"_blank\" rel=\"noopener\"><img data-recalc-dims=\"1\" loading=\"lazy\" decoding=\"async\" class=\"alignleft wp-image-13033 size-medium\" src=\"https:\/\/i0.wp.com\/saintlouisenthelle.org\/accueil\/wp-content\/uploads\/2024\/02\/Ciase-Recueil-de-temoignages-De-victimes-a-temoins.jpg?resize=188%2C300&#038;ssl=1\" alt=\"\" width=\"188\" height=\"300\" srcset=\"https:\/\/i0.wp.com\/saintlouisenthelle.org\/accueil\/wp-content\/uploads\/2024\/02\/Ciase-Recueil-de-temoignages-De-victimes-a-temoins.jpg?resize=188%2C300&amp;ssl=1 188w, https:\/\/i0.wp.com\/saintlouisenthelle.org\/accueil\/wp-content\/uploads\/2024\/02\/Ciase-Recueil-de-temoignages-De-victimes-a-temoins.jpg?w=350&amp;ssl=1 350w\" sizes=\"(max-width: 188px) 100vw, 188px\" \/><\/a>Le rapport final publi\u00e9 le 5 octobre 2021, ses annexes et un r\u00e9sum\u00e9 sont disponibles sur le site web de la CIASE : <a href=\"https:\/\/www.ciase.fr\/\" target=\"_blank\" rel=\"noopener\">www.ciase.fr<\/a>, dans l\u2019onglet \u201c<a href=\"https:\/\/www.ciase.fr\/rapport-final\/\" target=\"_blank\" rel=\"noopener\">Rapport final<\/a>\u201d :<\/p>\n<ul>\n<li><a href=\"https:\/\/www.ciase.fr\/medias\/Ciase-Rapport-5-octobre-2021-Les-violences-sexuelles-dans-l-Eglise-catholique-France-1950-2020.pdf\" target=\"_blank\" rel=\"noopener\">Rapport de la commission : <em>Les violences sexuelles dans l\u2019Eglise catholique (France 1950-2020)<\/em><\/a><\/li>\n<li><a href=\"https:\/\/www.ciase.fr\/medias\/Ciase-Rapport-5-octobre-2021-Annexe-AN32-Recueil-de-temoignages-De-victimes-a-temoins.pdf\" target=\"_blank\" rel=\"noopener\"><em>\u201cDe victimes \u00e0 t\u00e9moins\u201d<\/em> : Recueil de t\u00e9moignages<\/a><\/li>\n<li><a href=\"https:\/\/www.ciase.fr\/medias\/Ciase-Rapport-5-octobre-2021-Resume.pdf\" target=\"_blank\" rel=\"noopener\">R\u00e9sum\u00e9 du rapport de la CIASE<\/a><\/li>\n<\/ul>\n","protected":false},"excerpt":{"rendered":"<p>Pr\u00e9vention et protection des mineurs \u00ab Le meilleur r\u00e9sultat et la plus efficace r\u00e9solution que nous puissions offrir aux victimes, au peuple de la sainte m\u00e8re \u00c9glise et au monde&hellip;<\/p>\n","protected":false},"author":4,"featured_media":0,"parent":17,"menu_order":11,"comment_status":"closed","ping_status":"closed","template":"","meta":{"_lmt_disableupdate":"no","_lmt_disable":"","footnotes":""},"class_list":["post-12368","page","type-page","status-publish","hentry"],"jetpack_shortlink":"https:\/\/wp.me\/P7Mpl1-3du","jetpack_sharing_enabled":true,"_links":{"self":[{"href":"https:\/\/saintlouisenthelle.org\/accueil\/wp-json\/wp\/v2\/pages\/12368","targetHints":{"allow":["GET"]}}],"collection":[{"href":"https:\/\/saintlouisenthelle.org\/accueil\/wp-json\/wp\/v2\/pages"}],"about":[{"href":"https:\/\/saintlouisenthelle.org\/accueil\/wp-json\/wp\/v2\/types\/page"}],"author":[{"embeddable":true,"href":"https:\/\/saintlouisenthelle.org\/accueil\/wp-json\/wp\/v2\/users\/4"}],"replies":[{"embeddable":true,"href":"https:\/\/saintlouisenthelle.org\/accueil\/wp-json\/wp\/v2\/comments?post=12368"}],"version-history":[{"count":28,"href":"https:\/\/saintlouisenthelle.org\/accueil\/wp-json\/wp\/v2\/pages\/12368\/revisions"}],"predecessor-version":[{"id":14530,"href":"https:\/\/saintlouisenthelle.org\/accueil\/wp-json\/wp\/v2\/pages\/12368\/revisions\/14530"}],"up":[{"embeddable":true,"href":"https:\/\/saintlouisenthelle.org\/accueil\/wp-json\/wp\/v2\/pages\/17"}],"wp:attachment":[{"href":"https:\/\/saintlouisenthelle.org\/accueil\/wp-json\/wp\/v2\/media?parent=12368"}],"curies":[{"name":"wp","href":"https:\/\/api.w.org\/{rel}","templated":true}]}}