{"id":10801,"date":"2021-10-08T12:00:58","date_gmt":"2021-10-08T10:00:58","guid":{"rendered":"https:\/\/saintlouisenthelle.org\/accueil\/?page_id=10801"},"modified":"2023-03-03T14:40:01","modified_gmt":"2023-03-03T13:40:01","slug":"priere-des-peres","status":"publish","type":"page","link":"https:\/\/saintlouisenthelle.org\/accueil\/prier-et-celebrer\/priere-des-peres\/","title":{"rendered":"Pri\u00e8re des p\u00e8res"},"content":{"rendered":"<p style=\"text-align: justify;\">Nous sommes nombreux \u00e0 conna\u00eetre \u00ab la pri\u00e8re d\u2019urgence \u00bb, \u00ab la pri\u00e8re d\u2019intercession \u00bb, celle que l\u2019on adresse \u00e0 Dieu en cas de n\u00e9cessit\u00e9 absolue pour qu\u2019Il vienne \u00e0 notre secours ou secourir nos proches !<\/p>\n<p style=\"text-align: justify;\">Mais pourquoi la limiter seulement \u00e0 cette dimension?<\/p>\n<p style=\"text-align: justify;\">Si vous reconnaissez que vous avez parfois du mal :<\/p>\n<ul style=\"text-align: justify;\">\n<li>\u00e0 vraiment vous d\u00e9charger de vos pr\u00e9occupations pour ceux que vous aimez<\/li>\n<li>\u00e0 ne pas garder toutes ces inqui\u00e9tudes pour vous-m\u00eames<\/li>\n<\/ul>\n<p style=\"text-align: justify;\">Vous reconnaissez que vous ne pouvez rien faire par vos seuls efforts<\/p>\n<p style=\"text-align: justify;\">Alors aujourd\u2019hui, avec l\u2019aide de la <strong>Pri\u00e8re des p\u00e8res<\/strong> qui a commenc\u00e9 \u00e0 la suite de la <strong>Pri\u00e8re des m\u00e8res<\/strong>, <span style=\"color: #ff0000;\"><em><strong>mettons nous en chemin et transformons notre pri\u00e8re occasionnelle en entretien r\u00e9gulier<\/strong><\/em><\/span>.<\/p>\n<p style=\"text-align: justify;\">Rejoignez le petit groupe qui se r\u00e9unit sur la paroisse, pour remettre vos familles et vos proches entre les mains du Seigneur, en les abandonnant \u00e0 Sa tendresse.<\/p>\n<p style=\"text-align: justify;\">Renseignements\u00a0: Jean Paul &#8211; 06 08 01 87 59<\/p>\n","protected":false},"excerpt":{"rendered":"<p>Nous sommes nombreux \u00e0 conna\u00eetre \u00ab la pri\u00e8re d\u2019urgence \u00bb, \u00ab la pri\u00e8re d\u2019intercession \u00bb, celle que l\u2019on adresse \u00e0 Dieu en cas de n\u00e9cessit\u00e9 absolue pour qu\u2019Il vienne \u00e0&hellip;<\/p>\n","protected":false},"author":4,"featured_media":10827,"parent":122,"menu_order":8,"comment_status":"closed","ping_status":"closed","template":"","meta":{"_lmt_disableupdate":"","_lmt_disable":"","footnotes":""},"class_list":["post-10801","page","type-page","status-publish","has-post-thumbnail","hentry"],"jetpack_shortlink":"https:\/\/wp.me\/P7Mpl1-2Od","jetpack_sharing_enabled":true,"_links":{"self":[{"href":"https:\/\/saintlouisenthelle.org\/accueil\/wp-json\/wp\/v2\/pages\/10801","targetHints":{"allow":["GET"]}}],"collection":[{"href":"https:\/\/saintlouisenthelle.org\/accueil\/wp-json\/wp\/v2\/pages"}],"about":[{"href":"https:\/\/saintlouisenthelle.org\/accueil\/wp-json\/wp\/v2\/types\/page"}],"author":[{"embeddable":true,"href":"https:\/\/saintlouisenthelle.org\/accueil\/wp-json\/wp\/v2\/users\/4"}],"replies":[{"embeddable":true,"href":"https:\/\/saintlouisenthelle.org\/accueil\/wp-json\/wp\/v2\/comments?post=10801"}],"version-history":[{"count":3,"href":"https:\/\/saintlouisenthelle.org\/accueil\/wp-json\/wp\/v2\/pages\/10801\/revisions"}],"predecessor-version":[{"id":10826,"href":"https:\/\/saintlouisenthelle.org\/accueil\/wp-json\/wp\/v2\/pages\/10801\/revisions\/10826"}],"up":[{"embeddable":true,"href":"https:\/\/saintlouisenthelle.org\/accueil\/wp-json\/wp\/v2\/pages\/122"}],"wp:featuredmedia":[{"embeddable":true,"href":"https:\/\/saintlouisenthelle.org\/accueil\/wp-json\/wp\/v2\/media\/10827"}],"wp:attachment":[{"href":"https:\/\/saintlouisenthelle.org\/accueil\/wp-json\/wp\/v2\/media?parent=10801"}],"curies":[{"name":"wp","href":"https:\/\/api.w.org\/{rel}","templated":true}]}}